{"id":504,"date":"2023-11-15T10:20:27","date_gmt":"2023-11-15T10:20:27","guid":{"rendered":"https:\/\/widerstandsmuseum.org\/?page_id=504"},"modified":"2023-11-15T13:08:56","modified_gmt":"2023-11-15T13:08:56","slug":"geschichtswerkstatt","status":"publish","type":"page","link":"https:\/\/widerstandsmuseum.org\/index.php\/geschichtswerkstatt\/","title":{"rendered":"Geschichtswerkstatt"},"content":{"rendered":"\t\t<div data-elementor-type=\"wp-page\" data-elementor-id=\"504\" class=\"elementor elementor-504\" data-elementor-post-type=\"page\">\n\t\t\t\t<div data-particle_enable=\"false\" data-particle-mobile-disabled=\"false\" class=\"elementor-element elementor-element-f9c5ffb e-con-full e-flex e-con e-parent\" data-id=\"f9c5ffb\" data-element_type=\"container\" data-e-type=\"container\" data-settings=\"{&quot;background_background&quot;:&quot;classic&quot;}\">\n\t\t<div data-particle_enable=\"false\" data-particle-mobile-disabled=\"false\" class=\"elementor-element elementor-element-94df65c e-con-full e-flex e-con e-child\" data-id=\"94df65c\" data-element_type=\"container\" data-e-type=\"container\">\n\t\t<div data-particle_enable=\"false\" data-particle-mobile-disabled=\"false\" class=\"elementor-element elementor-element-f96d35c e-con-full e-flex e-con e-child\" data-id=\"f96d35c\" data-element_type=\"container\" data-e-type=\"container\" data-settings=\"{&quot;background_background&quot;:&quot;classic&quot;}\">\n\t\t\t\t<div class=\"elementor-element elementor-element-fe54c52 elementor-widget elementor-widget-heading\" data-id=\"fe54c52\" data-element_type=\"widget\" data-e-type=\"widget\" data-widget_type=\"heading.default\">\n\t\t\t\t<div class=\"elementor-widget-container\">\n\t\t\t\t\t<h2 class=\"elementor-heading-title elementor-size-default\">Geschichtswerkstatt\n<\/h2>\t\t\t\t<\/div>\n\t\t\t\t<\/div>\n\t\t\t\t<div class=\"elementor-element elementor-element-847ef6f elementor-widget__width-initial elementor-widget elementor-widget-text-editor\" data-id=\"847ef6f\" data-element_type=\"widget\" data-e-type=\"widget\" data-widget_type=\"text-editor.default\">\n\t\t\t\t<div class=\"elementor-widget-container\">\n\t\t\t\t\t\t\t\t\tHier finden Sie Schriften zum Widerstand in der DDR und biografische Beitr\u00e4ge \u00fcber historische Pers\u00f6nlichkeiten aus der Arbeitbewegung.\t\t\t\t\t\t\t\t<\/div>\n\t\t\t\t<\/div>\n\t\t<div data-particle_enable=\"false\" data-particle-mobile-disabled=\"false\" class=\"elementor-element elementor-element-1866fb1 e-flex e-con-boxed e-con e-child\" data-id=\"1866fb1\" data-element_type=\"container\" data-e-type=\"container\">\n\t\t\t\t\t<div class=\"e-con-inner\">\n\t\t\t\t<div class=\"elementor-element elementor-element-3049ad5 elementor-align-center elementor-widget elementor-widget-button\" data-id=\"3049ad5\" data-element_type=\"widget\" data-e-type=\"widget\" data-widget_type=\"button.default\">\n\t\t\t\t<div class=\"elementor-widget-container\">\n\t\t\t\t\t\t\t\t\t<div class=\"elementor-button-wrapper\">\n\t\t\t\t\t<a class=\"elementor-button elementor-button-link elementor-size-sm elementor-animation-grow\" href=\"#\">\n\t\t\t\t\t\t<span class=\"elementor-button-content-wrapper\">\n\t\t\t\t\t\t\t\t\t<span class=\"elementor-button-text\">WARTET NICHT AUF BESS\u00b4RE ZEITEN!<\/span>\n\t\t\t\t\t<\/span>\n\t\t\t\t\t<\/a>\n\t\t\t\t<\/div>\n\t\t\t\t\t\t\t\t<\/div>\n\t\t\t\t<\/div>\n\t\t\t\t<div class=\"elementor-element elementor-element-0f132ca elementor-align-center elementor-widget elementor-widget-button\" data-id=\"0f132ca\" data-element_type=\"widget\" data-e-type=\"widget\" data-widget_type=\"button.default\">\n\t\t\t\t<div class=\"elementor-widget-container\">\n\t\t\t\t\t\t\t\t\t<div class=\"elementor-button-wrapper\">\n\t\t\t\t\t<a class=\"elementor-button elementor-button-link elementor-size-sm elementor-animation-grow\" href=\"#\">\n\t\t\t\t\t\t<span class=\"elementor-button-content-wrapper\">\n\t\t\t\t\t\t\t\t\t<span class=\"elementor-button-text\">\"HER KEUNER SAGT NEIN\"<\/span>\n\t\t\t\t\t<\/span>\n\t\t\t\t\t<\/a>\n\t\t\t\t<\/div>\n\t\t\t\t\t\t\t\t<\/div>\n\t\t\t\t<\/div>\n\t\t\t\t\t<\/div>\n\t\t\t\t<\/div>\n\t\t\t\t<\/div>\n\t\t\t\t<\/div>\n\t\t\t\t<\/div>\n\t\t<div data-particle_enable=\"false\" data-particle-mobile-disabled=\"false\" class=\"elementor-element elementor-element-f42d4a7 e-con-full e-flex e-con e-parent\" data-id=\"f42d4a7\" data-element_type=\"container\" data-e-type=\"container\">\n\t\t<div data-particle_enable=\"false\" data-particle-mobile-disabled=\"false\" class=\"elementor-element elementor-element-fc3e9a8 e-con-full e-flex e-con e-child\" data-id=\"fc3e9a8\" data-element_type=\"container\" data-e-type=\"container\">\n\t\t<div data-particle_enable=\"false\" data-particle-mobile-disabled=\"false\" class=\"elementor-element elementor-element-1a19855 e-con-full e-flex e-con e-child\" data-id=\"1a19855\" data-element_type=\"container\" data-e-type=\"container\" data-settings=\"{&quot;background_background&quot;:&quot;classic&quot;}\">\n\t\t\t\t<\/div>\n\t\t<div data-particle_enable=\"false\" data-particle-mobile-disabled=\"false\" class=\"elementor-element elementor-element-7acfa53 e-con-full e-flex e-con e-child\" data-id=\"7acfa53\" data-element_type=\"container\" data-e-type=\"container\" data-settings=\"{&quot;background_background&quot;:&quot;classic&quot;}\">\n\t\t\t\t<\/div>\n\t\t\t\t<\/div>\n\t\t\t\t<\/div>\n\t\t<div data-particle_enable=\"false\" data-particle-mobile-disabled=\"false\" class=\"elementor-element elementor-element-981972f e-con-full e-flex e-con e-parent\" data-id=\"981972f\" data-element_type=\"container\" data-e-type=\"container\">\n\t\t<div data-particle_enable=\"false\" data-particle-mobile-disabled=\"false\" class=\"elementor-element elementor-element-a76ccb5 e-con-full e-flex e-con e-child\" data-id=\"a76ccb5\" data-element_type=\"container\" data-e-type=\"container\">\n\t\t<div data-particle_enable=\"false\" data-particle-mobile-disabled=\"false\" class=\"elementor-element elementor-element-e9e48ec e-con-full e-flex e-con e-child\" data-id=\"e9e48ec\" data-element_type=\"container\" data-e-type=\"container\" data-settings=\"{&quot;background_background&quot;:&quot;classic&quot;}\">\n\t\t\t\t<div class=\"elementor-element elementor-element-5111166 elementor-widget__width-inherit elementor-widget elementor-widget-toggle\" data-id=\"5111166\" data-element_type=\"widget\" data-e-type=\"widget\" data-widget_type=\"toggle.default\">\n\t\t\t\t<div class=\"elementor-widget-container\">\n\t\t\t\t\t\t\t<div class=\"elementor-toggle\">\n\t\t\t\t\t\t\t<div class=\"elementor-toggle-item\">\n\t\t\t\t\t<div id=\"elementor-tab-title-8501\" class=\"elementor-tab-title\" data-tab=\"1\" role=\"button\" aria-controls=\"elementor-tab-content-8501\" aria-expanded=\"false\">\n\t\t\t\t\t\t\t\t\t\t\t\t<span class=\"elementor-toggle-icon elementor-toggle-icon-right\" aria-hidden=\"true\">\n\t\t\t\t\t\t\t\t\t\t\t\t\t\t\t<span class=\"elementor-toggle-icon-closed\"><svg class=\"e-font-icon-svg e-fas-plus\" viewBox=\"0 0 448 512\" xmlns=\"http:\/\/www.w3.org\/2000\/svg\"><path d=\"M416 208H272V64c0-17.67-14.33-32-32-32h-32c-17.67 0-32 14.33-32 32v144H32c-17.67 0-32 14.33-32 32v32c0 17.67 14.33 32 32 32h144v144c0 17.67 14.33 32 32 32h32c17.67 0 32-14.33 32-32V304h144c17.67 0 32-14.33 32-32v-32c0-17.67-14.33-32-32-32z\"><\/path><\/svg><\/span>\n\t\t\t\t\t\t\t\t<span class=\"elementor-toggle-icon-opened\"><svg class=\"elementor-toggle-icon-opened e-font-icon-svg e-fas-minus\" viewBox=\"0 0 448 512\" xmlns=\"http:\/\/www.w3.org\/2000\/svg\"><path d=\"M416 208H32c-17.67 0-32 14.33-32 32v32c0 17.67 14.33 32 32 32h384c17.67 0 32-14.33 32-32v-32c0-17.67-14.33-32-32-32z\"><\/path><\/svg><\/span>\n\t\t\t\t\t\t\t\t\t\t\t\t\t<\/span>\n\t\t\t\t\t\t\t\t\t\t\t\t<a class=\"elementor-toggle-title\" tabindex=\"0\">Ernst Fraenkel<\/a>\n\t\t\t\t\t<\/div>\n\n\t\t\t\t\t<div id=\"elementor-tab-content-8501\" class=\"elementor-tab-content elementor-clearfix\" data-tab=\"1\" role=\"region\" aria-labelledby=\"elementor-tab-title-8501\"><p>(1898-1975)<\/p><p>26.12.1898 Geburt als Sohn wohlhabender j\u00fcdischer Eltern in K\u00f6ln<\/p><p>1916-1918 Soldat<\/p><p>1919-1921 Studium der Rechtswissenschaft und Geschichte in<br \/>Frankfurt\/Main<\/p><p>1923 Promotion bei Hugo Sinzheimer<\/p><p>1925 Abschluss des Referendariats<\/p><p>1925 Dozent an der Wirtschschaftsschule das Deutschen<br \/>Metallarbeiter-Verbandes in Bad D\u00fcrrenberg<\/p><p>1927 Gemeinsame Rechtsanwaltskanzlei mit Franz Neumann in<br \/>Berlin Syndikus des Deutschen Metallarbeiter-<br \/>Verbandes<\/p><p>Ab 1933 Widerstand im \u201eInternationalen Sozialistischen<br \/>Kampfbund\u201c (ISK). Vertritt im Zuge der ersten<br \/>Prozesse gegen Berliner Sozialdemokraten, viele der<br \/>Verfolgten und erzielt zum Teil spektakul\u00e4re<br \/>Freispr\u00fcche, mit der Begr\u00fcndung die Gest\u00e4ndnisse<br \/>seien unter Zwang entstanden.<\/p><p>1938 Emigration in die USA<\/p><p>1939-1941 Studium des amerikanischen Rechts an der Law School<br \/>der University of Chicago<\/p><p>Danach mehrere Publikationen (u.a. mit Hedwig<br \/>Wachenheim) zum politischen Neuaufbau Deutschlands<br \/>nach dem 2. Weltkrieg<\/p><p>1941 Erscheint in den USA, in englischer Sprache,<br \/>Fraenkels wissenschaftliche Auseinandersetzung mit<br \/>dem Nationalsozialismus \u201eDer Doppelstaat\u201c.<\/p><p>1944 Eintritt in den US Regierungsdienst<\/p><p>1945-1950 Berater amerikanischer Beh\u00f6rden in Korea.<\/p><p>1951 R\u00fcckkehr nach Deutschland und Dozent an der<br \/>Deutschen Hochschule f\u00fcr Politik in Berlin<\/p><p>1953-1967 Professor an der Deutschen Hochschule f\u00fcr Politik<br \/>bzw. dem Otto-Suhr-Institut der FU.<\/p><p>Er entwickelt das wissenschaftliche Konzept eines<br \/>normativ orientierten \u201eNeo-Pluralismus\u201c.<\/p><p>1967 Emeritierung<\/p><p>1975 Tod in Berlin<\/p><p>Wikipedia: <a href=\"https:\/\/de.wikipedia.org\/wiki\/Ernst_Fraenkel_(Politikwissenschaftler)\">https:\/\/de.wikipedia.org\/wiki\/Ernst_Fraenkel_(Politikwissenschaftler)<\/a><\/p><\/div>\n\t\t\t\t<\/div>\n\t\t\t\t\t\t\t<div class=\"elementor-toggle-item\">\n\t\t\t\t\t<div id=\"elementor-tab-title-8502\" class=\"elementor-tab-title\" data-tab=\"2\" role=\"button\" aria-controls=\"elementor-tab-content-8502\" aria-expanded=\"false\">\n\t\t\t\t\t\t\t\t\t\t\t\t<span class=\"elementor-toggle-icon elementor-toggle-icon-right\" aria-hidden=\"true\">\n\t\t\t\t\t\t\t\t\t\t\t\t\t\t\t<span class=\"elementor-toggle-icon-closed\"><svg class=\"e-font-icon-svg e-fas-plus\" viewBox=\"0 0 448 512\" xmlns=\"http:\/\/www.w3.org\/2000\/svg\"><path d=\"M416 208H272V64c0-17.67-14.33-32-32-32h-32c-17.67 0-32 14.33-32 32v144H32c-17.67 0-32 14.33-32 32v32c0 17.67 14.33 32 32 32h144v144c0 17.67 14.33 32 32 32h32c17.67 0 32-14.33 32-32V304h144c17.67 0 32-14.33 32-32v-32c0-17.67-14.33-32-32-32z\"><\/path><\/svg><\/span>\n\t\t\t\t\t\t\t\t<span class=\"elementor-toggle-icon-opened\"><svg class=\"elementor-toggle-icon-opened e-font-icon-svg e-fas-minus\" viewBox=\"0 0 448 512\" xmlns=\"http:\/\/www.w3.org\/2000\/svg\"><path d=\"M416 208H32c-17.67 0-32 14.33-32 32v32c0 17.67 14.33 32 32 32h384c17.67 0 32-14.33 32-32v-32c0-17.67-14.33-32-32-32z\"><\/path><\/svg><\/span>\n\t\t\t\t\t\t\t\t\t\t\t\t\t<\/span>\n\t\t\t\t\t\t\t\t\t\t\t\t<a class=\"elementor-toggle-title\" tabindex=\"0\">Hedwig Wachenheim<\/a>\n\t\t\t\t\t<\/div>\n\n\t\t\t\t\t<div id=\"elementor-tab-content-8502\" class=\"elementor-tab-content elementor-clearfix\" data-tab=\"2\" role=\"region\" aria-labelledby=\"elementor-tab-title-8502\"><p><strong>Hedwig Wachenheim<\/strong><\/p><p>\u201cF\u00fcr den Kampf und den Aufstieg der Arbeiterklasse ist Verwirrung all dessen, was ist, gef\u00e4hrlicher als klare Gegnerschaft.\u201c<\/p><p>Hedwig Wachenheim<br \/>Wachenheim Hedwig, Nationalsozialismus und Wohlfahrtspflege<\/p><p>Hedwig Wachenheim \u2013 die Frau die unserem Verein ihren Namen gibt, ist heute fast vergessen. In der Zeit der Weimarer Republik jedoch war sie eine bekannte und engagierte, wenn auch untypische Vertreterin der Arbeiterbewegung.<br \/>Als junge Frau mit gro\u00dfb\u00fcrgerlich j\u00fcdischem Hintergrund, engagiert sie sich als Mitbegr\u00fcnderin der Arbeiterwohlfahrt vor allem f\u00fcr die Durchsetzung des Prinzips der Nichtdiskriminierung in der sozialen Arbeit und f\u00fcr die Etablierung der Sozialarbeit als Beruf.<br \/>Als Beamtin und Politikerin k\u00e4mpft sie vor allem f\u00fcr die Demokratisierung der ehemals kaiserlichen Verwaltung und gegen den Aufstieg des Nationalsozialismus.<br \/>Als Wissenschaftlerin etabliert sie sich im amerikanischen Exil, \u00e4hnlich vielen ihrer ehemaligen Mitstreiter, wie Herta Kraus, Erna Magnus, Walter Friedl\u00e4nder und Hans Staudinger, im sozialwissenschaftlichen Wissenschaftsbetrieb der USA.<br \/>Nach Jahren des Exils kehrt sie 1945 als Mitarbeiterin der US-Milit\u00e4rregierung wieder nach Deutschland zur\u00fcck. Obgleich sich ihr die Gelegenheit bietet in Deutschland wieder Fu\u00df zu fassen, kehrt sie 1951 in die USA zur\u00fcck.<br \/>Wir als Hedwig-Wachenheim-Gesellschaft f\u00fchlen uns vor allen Dingen ihrer Haltung zur sozialen Arbeit verpflichtet, das Prinzip der Nichtdiskriminierung mit einem hohen professionellen Anspruch zu verbinden.<\/p><p>In diesem der Vita und dem Werk von Hedwig Wachenheim reservierten Teil unseres Auftrittes im Internet finden Sie hier gleich im Anschluss eine l\u00e4ngere Biografische Skizze \u00fcber Leben und Werk von Hedwig Wachenheim.<\/p><p><a href=\"https:\/\/widerstandsmuseum.de\/wp-content\/uploads\/Hedwig-Wachenheim-biografische-Skizze.pdf\">Hedwig Wachenheim biografische Skizze<\/a><\/p><p>Wikipedia: <a href=\"https:\/\/de.wikipedia.org\/wiki\/Hedwig_Wachenheim\">https:\/\/de.wikipedia.org\/wiki\/Hedwig_Wachenheim<\/a><\/p><\/div>\n\t\t\t\t<\/div>\n\t\t\t\t\t\t\t<div class=\"elementor-toggle-item\">\n\t\t\t\t\t<div id=\"elementor-tab-title-8503\" class=\"elementor-tab-title\" data-tab=\"3\" role=\"button\" aria-controls=\"elementor-tab-content-8503\" aria-expanded=\"false\">\n\t\t\t\t\t\t\t\t\t\t\t\t<span class=\"elementor-toggle-icon elementor-toggle-icon-right\" aria-hidden=\"true\">\n\t\t\t\t\t\t\t\t\t\t\t\t\t\t\t<span class=\"elementor-toggle-icon-closed\"><svg class=\"e-font-icon-svg e-fas-plus\" viewBox=\"0 0 448 512\" xmlns=\"http:\/\/www.w3.org\/2000\/svg\"><path d=\"M416 208H272V64c0-17.67-14.33-32-32-32h-32c-17.67 0-32 14.33-32 32v144H32c-17.67 0-32 14.33-32 32v32c0 17.67 14.33 32 32 32h144v144c0 17.67 14.33 32 32 32h32c17.67 0 32-14.33 32-32V304h144c17.67 0 32-14.33 32-32v-32c0-17.67-14.33-32-32-32z\"><\/path><\/svg><\/span>\n\t\t\t\t\t\t\t\t<span class=\"elementor-toggle-icon-opened\"><svg class=\"elementor-toggle-icon-opened e-font-icon-svg e-fas-minus\" viewBox=\"0 0 448 512\" xmlns=\"http:\/\/www.w3.org\/2000\/svg\"><path d=\"M416 208H32c-17.67 0-32 14.33-32 32v32c0 17.67 14.33 32 32 32h384c17.67 0 32-14.33 32-32v-32c0-17.67-14.33-32-32-32z\"><\/path><\/svg><\/span>\n\t\t\t\t\t\t\t\t\t\t\t\t\t<\/span>\n\t\t\t\t\t\t\t\t\t\t\t\t<a class=\"elementor-toggle-title\" tabindex=\"0\">Kurt Schmidt<\/a>\n\t\t\t\t\t<\/div>\n\n\t\t\t\t\t<div id=\"elementor-tab-content-8503\" class=\"elementor-tab-content elementor-clearfix\" data-tab=\"3\" role=\"region\" aria-labelledby=\"elementor-tab-title-8503\"><p><strong>Kurt Schmidt<\/strong><\/p><p>\u201cDie Politik soll wieder das werden, was sie sein muss: Die Wissenschaft von der Ordnung des Lebens, der Beziehungen der Menschen untereinander. Das ist das Verm\u00e4chtnis der sozialistischen Arbeiterjugend. Daf\u00fcr haben wir gek\u00e4mpft und gelitten. Ich lege es in Eure H\u00e4nde; bewahrt es. Schreitet auf diesem Weg fort. Freiheit\u201d<\/p><p>Kurt Schmidt 10.02.1946<\/p><p>Als am 2. Mai 1946, der erste Berliner AWO-Vorstand, gebildet wurde, war Kurt Schmidt mit 33 Jahren, mit Abstand der J\u00fcngste. Dennoch war der Ingenieur bereits hauptamtlicher Sekret\u00e4r des Jugendausschusses der Berliner SPD und 2. Kreisvorsitzender der SPD in seinem Heimatbezirk Neuk\u00f6lln. Trotz seiner Jugend hatte er bereits ein bewegtes Leben hinter sich. Es war gepr\u00e4gt vom Widerstand gegen den Nationalsozialismus und der Verhinderung einer Verschmelzung von SPD und KPD. Eine gl\u00e4nzende politische Karriere stand ihm mit seiner zupackenden und mitrei\u00dfenden Pers\u00f6nlichkeit noch bevor.<\/p><p><strong>Arbeit in der SAJ<\/strong><\/p><p>1913 geboren, engagierte er sich sehr fr\u00fchzeitig in der Weimarer Republik bei der SAJ und als Betreuer bei den von Kurt L\u00f6wenstein gepr\u00e4gten Kinderfreunden. 1930 wurde er in den Berliner Vorstand der Sozialistischen Arbeiterjugend (SAJ) gew\u00e4hlt. Dort wirkte er in den letzten Monaten der Weimarer Republik und in den ersten Monaten der Regierung Hitlers dem illegalen 7er Ausschu\u00df der Berliner SAJ. Dieses geheime Gremium, das unter dem Einflu\u00df der Gruppe \u201cNeu Beginnen\u201d stand, traf Vorbereitungen f\u00fcr den Gang der SAJ in die Illegalit\u00e4t, um aus dem Untergrund, den Nationalsozialismus zu bek\u00e4mpfen.<br \/>Damit standen sie in Opposition zur Mutterpartei, der Berliner SPD, die auch Anfang 1933 noch eine Legalit\u00e4tsstrategie verfolgte, die auf dem Glauben beruhte, da\u00df wenn man streng legal arbeite, die SPD als Organisation auch unter einer nationalsozialistischen Regierung erhalten werden k\u00f6nnte. Im April 1933, trat der Konflikt mit dem Parteivorstand um Franz K\u00fcnstler offen zu Tage und Kurt Schmidt wurde zusammen mit anderen SAJ-Funktion\u00e4ren wie Erich Schmidt, Theo Thiele, Eberhard Hesse, Kurt Mattick und Fritz Erler aus der SPD ausgeschlossen.<\/p><p><strong>Neu Beginnen<\/strong><\/p><p>Nach seinem Parteiausschluss arbeitete Kurt Schmidt bei Neu Beginnen weiter. 1935 spaltete sich Neu Beginnen, da der Gr\u00fcnder Walter L\u00f6wenheim, den Nationalsozialismus als gefestigt ansah und den Widerstand aus dem Exil fortsetzte. 1935\/36 kommt es zu einer gro\u00dfen Verhaftungswelle in der insgesamt 36 Mitglieder von Neu Beginnen verhaftet werden. Kurt Schmidt und Fritz Erler bleiben von dieser Verhaftungswelle verschont und organisieren die Gruppe neu. Sie nehmen Kontakt zum Exilvorstand der SPD in Prag auf und Schmidt trifft sich nach einem illegalen Grenz\u00fcbergang in die CSR mit Paul Hertz einem Mitglied des Exilvorstandes.<br \/>Ziel des Treffens war die Kooperation in Deutschland mit einer Widerstandsgruppe von ehemaligen USPD-Mitgliedern der \u201cDeutschen Volksfront\u201d in die Wege zu leiten. Ergebnis war eine gemeinsame 10 Punkte Erkl\u00e4rung die illegal verbreitet wurde. Dabei mu\u00dften die bei Neu Beginnen \u00fcblichen Sicherheitsregeln etwas gelockert werden und der Gestapo gl\u00fcckte im Herbst 1938 der entscheidende Schlag gegen den illegalen Kreis. \u00dcber zwanzig Mitglieder, darunter auch Kurt Schmidt, werden verhaftet.<br \/>Vom Volksgerichtshof wird er zu 12 Jahren Zuchthaus verurteilt. Kurz vor Kriegsende gelingt ihm am 16.4.1945 auf einem Gefangenentransport die Flucht. Er versteckt sich bis zur Befreiung und beginnt direkt nach Kriegsende die ehemaligen Mitglieder von Neu Beginnen in einer Arbeitsgemeinschaft zu sammeln.<\/p><p><strong>Gegen die Vereinigung von SPD und KPD<\/strong><\/p><p>Im Juni 1945 tritt Kurt Schmidt wieder in die SPD ein und baut die Abteilung in Britz mit auf. Ab August ist er Mitarbeiter beim Zentralausschuss der SPD im politischen B\u00fcro von Gustav Klingelh\u00f6fer und ist dort an der Ausarbeitung der Reden von Otto Grotewohl beteiligt.<br \/>Nach dem Einschwenken von Grotewohl, auf die von der sowjetischen Milit\u00e4radministration vorgegebene Linie der Parteienverschmelzung, wird Kurt Schmidt zum geistigen Kopf des Widerstands in der stark von dem Vereinigungsbef\u00fcrworter Max Fechner gepr\u00e4gten Neuk\u00f6llner SPD. Im Februrar 46 trifft er sich zum ersten Mal mit Kurt Schumacher und am 17. M\u00e4rz, wird er berlinweit bekannt, als er unerwartet auf einer Kreisdelegiertenversammlung der SPD Neuk\u00f6lln eine ma\u00dfgeblich von ihm verfa\u00dfte Resolution gegen die Vereinigung mit der KPD durchsetzt. Eine Woche nach der Urabstimmung, die die Spaltung der SPD in Berlin einl\u00e4utet , wird er 2. Kreisvorsitzender der SPD Neuk\u00f6lln. Ab Mai wird er hauptamtlicher Sekret\u00e4r im Jugendausschu\u00df der SPD \u2013Berlin.<\/p><p><strong>Ein zu kurzes Wirken f\u00fcr die AWO<\/strong><\/p><p>Am 2. Mai 1946 wird Kurt Schmidt als Beisitzer in den ersten AWO-Landesvorstand bestellt. Ein Schreiben Luise Schroeders an die Alliierte Kommandantur, weist ihn neben Luise Schroeder, Franz Neumann, Ida Wolff und Bruno L\u00f6sche als einen der 5 Gr\u00fcnder der Berliner AWO aus. Auf der Bezirksdelegiertentagung am 20. April 1947 wird er in seinem Amt best\u00e4tigt. Kurt Schmidt stirbt viel zu fr\u00fch im Juni 1947 im Alter von 34 Jahren an den Folgen einer Blinddarmoperation. \u201cMit ihm verlor die freiheitliche Arbeiterbewegung eine ihrer gr\u00f6\u00dften Hoffnungen.\u201d (Hans-Rainer Sandvo\u00df)<\/p><p>Wikipedia: <a href=\"https:\/\/de.wikipedia.org\/wiki\/Kurt_Schmidt_(Widerstandsk%C3%A4mpfer,_1913)\">https:\/\/de.wikipedia.org\/wiki\/Kurt_Schmidt_(Widerstandsk%C3%A4mpfer,_1913)<\/a><\/p><\/div>\n\t\t\t\t<\/div>\n\t\t\t\t\t\t\t<div class=\"elementor-toggle-item\">\n\t\t\t\t\t<div id=\"elementor-tab-title-8504\" class=\"elementor-tab-title\" data-tab=\"4\" role=\"button\" aria-controls=\"elementor-tab-content-8504\" aria-expanded=\"false\">\n\t\t\t\t\t\t\t\t\t\t\t\t<span class=\"elementor-toggle-icon elementor-toggle-icon-right\" aria-hidden=\"true\">\n\t\t\t\t\t\t\t\t\t\t\t\t\t\t\t<span class=\"elementor-toggle-icon-closed\"><svg class=\"e-font-icon-svg e-fas-plus\" viewBox=\"0 0 448 512\" xmlns=\"http:\/\/www.w3.org\/2000\/svg\"><path d=\"M416 208H272V64c0-17.67-14.33-32-32-32h-32c-17.67 0-32 14.33-32 32v144H32c-17.67 0-32 14.33-32 32v32c0 17.67 14.33 32 32 32h144v144c0 17.67 14.33 32 32 32h32c17.67 0 32-14.33 32-32V304h144c17.67 0 32-14.33 32-32v-32c0-17.67-14.33-32-32-32z\"><\/path><\/svg><\/span>\n\t\t\t\t\t\t\t\t<span class=\"elementor-toggle-icon-opened\"><svg class=\"elementor-toggle-icon-opened e-font-icon-svg e-fas-minus\" viewBox=\"0 0 448 512\" xmlns=\"http:\/\/www.w3.org\/2000\/svg\"><path d=\"M416 208H32c-17.67 0-32 14.33-32 32v32c0 17.67 14.33 32 32 32h384c17.67 0 32-14.33 32-32v-32c0-17.67-14.33-32-32-32z\"><\/path><\/svg><\/span>\n\t\t\t\t\t\t\t\t\t\t\t\t\t<\/span>\n\t\t\t\t\t\t\t\t\t\t\t\t<a class=\"elementor-toggle-title\" tabindex=\"0\">Max Fechner<\/a>\n\t\t\t\t\t<\/div>\n\n\t\t\t\t\t<div id=\"elementor-tab-content-8504\" class=\"elementor-tab-content elementor-clearfix\" data-tab=\"4\" role=\"region\" aria-labelledby=\"elementor-tab-title-8504\"><p>(2.7.1892- 13.9.1973)<\/p><p>Max Fechner ist wohl eine der tragischen Figuren der deutschen Arbeiterbewegung. Vor dem Hintergrund seiner Erfahrungen mit dem Aufstieg des Nationalsozialismus und seines Leids im KZ, tritt er 1945, wie kaum ein anderer in der SPD f\u00fcr den Zusammenschluss mit der KPD ein und wird 2. Vorsitzender der SED. Als Justizminister der DDR positioniert er sich im Nachgang des Arbeiteraufstandes vom 17. Juni 1953 deutlich f\u00fcr die streikenden Arbeiter.<br \/>Daraufhin wird er von allen \u00c4mtern enthoben und zu acht Jahren Zuchthaus verurteilt. Seine Homosexualit\u00e4t wird dabei als strafversch\u00e4rfend gewertet.<\/p><p><strong>1892-1933 Vom Arbeiterkind in den Apparat der Arbeiterbewegung<br \/><\/strong><br \/>Am 2. Juli 1892 wird Max Fechner als Sohn eines Maurers geboren. Nach der Volksschule macht er eine Lehre als Werkzeugmacher. 1908 tritt er in die SAJ ein, 1910 in den Deutschen Metallarbeiterverband (der Vorl\u00e4uferorganisation der heutigen IG-Metall) und 1911 tritt er der SPD bei. 1917 tritt er wie die meisten Sozialdemokraten im Gro\u00dfraum Berlin in die USPD \u00fcber. 1920 wird er Angestellter beim ZK der USPD und 1921 Bezirksverordneter in Neuk\u00f6lln. Dieses Mandat hat er bis 1925 inne. 1922 kehrt er in die SPD zur\u00fcck und 1923 wird er Mitglied des Preu\u00dfischen Landtages und hauptamtlicher Sekret\u00e4r beim Hauptvorstand der SPD. Konkret ist der dort Leiter der kommunalpolitischen Zentralstelle und Hauptschriftleiter (Herausgeber) der kommunalpolitischen Zeitschrift der SPD \u201cDie Gemeinde\u201d. Da Wohlfahrtsarbeit haupts\u00e4chlich auf kommunaler Ebene stattfand, wurde Fechner auch 1924 als stellvertretender Kassier in den gesch\u00e4ftsf\u00fchrenden Ausschuss der Arbeiterwohlfahrt gew\u00e4hlt.<\/p><p><strong>1933-1945 KZ Haft und alte Kontakte<\/strong><\/p><p>1933 wird Fechner als Angestellter der SPD erst einmal arbeitslos und arbeitet politisch in der Illegalit\u00e4t weiter. Noch 1933 wird er festgenommen und in einem der ersten Prozesse gegen leitende Funktion\u00e4re der SPD angeklagt. Der noch bis 1938 in Berlin arbeitende sozialdemokratische und j\u00fcdische Rechtsanwalt Ernst Fraenkel erreicht zwar in der Verhandlung 1934 einen Freispruch, indem es ihm gelingt \u201cden Vorsitzender der Strafkammer durch die Argumentation zu beeindrucken, die Aussagen seien unter k\u00f6rperlichem Zwang entstanden.\u201d<br \/>Trotzdem wird Max Fechner weiterhin gefangen gehalten, in ein KZ verschleppt und erst 1935 entlassen. Danach erwirbt er in Neuk\u00f6lln ein kleines Milchgesch\u00e4ft das bald zum Begegnungsort vornehmlich \u00e4lterer Sozialdemokraten wird, die der verbotenen Partei die Treue halten. In den letzten Kriegsjahren 1944\/45 wird er erneut inhaftiert und er steht bereits in den letzten Apriltagen des Jahres 1945 in dem Ruf mit ansprechbaren Kommunisten Kontakt zu haben.<\/p><p><strong>1945-1953 Die Idee der geeinten Arbeiterklasse und ihr Scheitern<\/strong><\/p><p>Wenn \u00fcberhaupt ein Sozialdemokrat, sich von Anfang an f\u00fcr die Idee begeisterte, dass zuk\u00fcnftig eine geeinte Arbeiterpartei, daf\u00fcr sorgen k\u00f6nne, dass sich in einem neuen Deutschland so etwas wie der Niedergang der Republik zu Beginn der Drei\u00dfiger Jahre nicht wiederholt, so war dies Max Fechner. Bereits am 28.4.1945, also noch vor der vollst\u00e4ndigen Besetzung Berlins durch die Rote Armee, schreibt er an Walter Ulbricht \u201ceinen Brief mit dem Angebot, sofort eine einheitliche Arbeiterpartei zu schaffen; dieser behauptet, den Brief nicht erhalten zu haben; im weiteren Fusionsprozess spielt dieses Angebot immer wieder eine wichtige Rolle zum Beweis f\u00fcr den urspr\u00fcnglichen Einheitswillen der Sozialdemokratie.\u201d<br \/>Im sich bald darauf konstituierenden Zentralausschuss der SPD wird er zu einem der drei Vorsitzenden gew\u00e4hlt und ist bald neben Otto Grotewohl die wichtigste Leitungspers\u00f6nlichkeit der Sozialdemokraten in der SBZ. Allerdings wird er im weiteren Verlauf der Parteivereinigung immer mehr von Zweifeln geplagt und ist mit dem Vorgehen der sowjetischen Milit\u00e4radministration und ihrer hintergr\u00fcndigen bis offenen Unterst\u00fctzung der KPD nicht unbedingt einverstanden. So hei\u00dft es in einem vertraulichen KPD-Material vom 3. August 45: \u201cEr ist sich dar\u00fcber nicht im Klaren, ob die Kommunisten die Einheitsfront ehrlich wollen. Meint Shukow es ehrlich, wenn er f\u00fchrenden Vertretern des ZA sagte, die SMAD m\u00fcsse sich mehr auf die SPD st\u00fctzen?\u201d Das Programm der SPD sei wesentlich radikaler als das der KPD. Auf die Frage ob die SPD die Kommunisten unterst\u00fctzen k\u00f6nne sagt er: \u201eDie SPD ist unbelastet. Wir werden bald Kommunalwahlen haben und m\u00fcssen darauf bedacht sein uns nicht zu belasten.\u201d<br \/>Am 10. Und 11. Februar leitet er die ZA-Sitzung, die mit Mehrheit den Kurs zur Vereinigung mit der KPD beschlie\u00dft. Im ersten Wahlgang enth\u00e4t er sich und stimmt erst im 2. Wahlgang mit ja. Trotz seiner Bedenken bleibt er in letzter Konsequenz ein Verfechter der Vereinigung zur SED. Schmerzlich trifft ihn sicher auch, dass in seinem Heimatbezirk Neuk\u00f6lln, am Vormittag, des 7. April 1946 die Kreisdelegiertenkonferenz sich mit knapper Mehrheit f\u00fcr den Wechsel in den neuen Landesverband der SPD, der am Nachmittag des gleichen Tages in der Zehlendorfer Zinnowaldschule konsitituiert werden soll, ausspricht und Max Fechner aus der SPD ausschlie\u00dft.<br \/>In der SBZ und ab 1949 in der DDR macht er erst einmal Karriere und geh\u00f6rt zu den Spitzen der SED. Auf dem Vereinigungsparteitag von KPD und SPD zur SED am 20. und 21. April 46 wird er neben Wilhelm Pieck zum 2. Vorsitzenden der SED gew\u00e4hlt. 1948 Wird er Pr\u00e4sident der Deutschen Zentralverwaltung f\u00fcr Justiz und 1949 erster Justizminister der DDR.<br \/>Eine nochmals gro\u00dfe Wende in seinem Leben ereignet sich im Zusammenhang der Nachwirkungen des niedergeschlagenen Arbeiteraufstandes vom 17. Juni 1953.<br \/>Zwei Wochen nach den Ereignissen um den 17. Juni, als es um dessen strafrechtliche Aufarbeitung ging, publizierte das Neue Deutschland ein Interview mit dem DDR-Justizminister, das f\u00fcr Aufsehen sorgte. Im Hinblick auf die ersten Prozesse gegen so genannte R\u00e4delsf\u00fchrer, f\u00fchrte Fechner aus: \u201cEs d\u00fcrfen nur solche Personen bestraft werden, die sich eines schweren Verbrechens schuldig machten. Andere Personen werden nicht bestraft. Das trifft auch f\u00fcr Angeh\u00f6rige der Streikleitung zu. Selbst R\u00e4delsf\u00fchrer d\u00fcrfen nicht auf blo\u00dfen Verdacht\u2026. bestraft werden.\u201d<br \/>Zwei Tage sp\u00e4ter setzte das \u201cNeue Deutschland\u201d noch eins drauf indem es \u00c4u\u00dferungen Fechners aus dem Interview abdruckte, die urspr\u00fcnglich wegen eines \u201ctechnischen Fehlers\u201d nicht ver\u00f6ffentlicht worden waren. Fechner hatte erkl\u00e4rt: \u201c Das Streikrecht ist verfassungsm\u00e4\u00dfig garantiert. Die Angeh\u00f6rigen der Streikleitung werden \u2026 nicht bestraft.\u201d<br \/>Vor dem Hintergrund dieser \u00c4u\u00dferungen, die insbesondere die Legalit\u00e4t des Streikrechtes auch f\u00fcr ein sozialistisches System, wie die DDR heraushob, keimte insbesondere bei den in der DDR Verhafteten, deren Angeh\u00f6rigen und vielen anderen die Hoffnung auf so etwas wie Rechtsstaatlichkeit in der DDR. Eine tr\u00fcgerische Hoffnung, denn dies war Fechners letztes Interview.<br \/>Am 14. Juli 1953 fa\u00dfte das Politb\u00fcro folgenden Beschluss:<br \/>\u201c1. Max Fechner wird wegen partei- und staatsfeindlichen Verhalten aus der Partei ausgeschlossen.<br \/>2. Fechner wird seiner Funktion als Justizminister enthoben und in Untersuchungsarrest genommen.<br \/>3. Den Sekret\u00e4ren der Bezirksleitungen wird mitgeteilt, dass das Politb\u00fcro das Interview Fechners f\u00fcr falsch und sch\u00e4dlich h\u00e4lt.\u201d<br \/>Max Fechner wurde 1955 wegen \u201cVerbrechen gegen den Staat\u201d zu acht Jahren Zuchthaus verurteilt. Dabei wurden Fechners \u201chomosexuelle Neigungen\u201d als strafversch\u00e4rfend gewertet.<br \/>Im April 1956, der sogenannten \u201cTauwetterperiode\u201d nach dem XX. Parteitag der KPDSU wurde Fechner begnadigt und aus der Haft entlassen. 1958 wurde er wieder in die SED aufgenommen. Max Fechner starb am 13.9.1973.<br \/>Als Justizministerin, folgte 1953 auf Max Fechner, Hilde Benjamin, die von keiner b\u00fcrgerlichen Rechtsauffassung angekr\u00e4nkelt, die Justiz, vor allen Dingen als \u201cInstrument im Klassenkampf\u201d einsetzte. Daran konnte auch nach den Urteilen der DDR-Justiz im Nachgang des 17. Juni kein Zweifel mehr aufkommen: Gegen 3449 Personen wurden Strafverfahren eingeleitet. Gegen 2134 wurde Anklage erhoben. 1526 Personen wurden verurteilt. Darunter waren 2 Todesurteile, 3 Mal lebensl\u00e4nglich Zuchthaus, 13 Strafen von 10-15 Jahren, 99 Strafen von 5-10 Jahren, 824 Strafen von 1-5 Jahren und 546 Strafen bis zu einem Jahr. Nicht nur Max Fechner hat f\u00fcr seine rechtsstaatliche Auffassung bitter genug bezahlt.<\/p><p>Wikipedia: <a href=\"https:\/\/de.wikipedia.org\/wiki\/Max_Fechner\">https:\/\/de.wikipedia.org\/wiki\/Max_Fechner<\/a><\/p><\/div>\n\t\t\t\t<\/div>\n\t\t\t\t\t\t\t\t<\/div>\n\t\t\t\t\t\t<\/div>\n\t\t\t\t<\/div>\n\t\t\t\t<\/div>\n\t\t<div data-particle_enable=\"false\" data-particle-mobile-disabled=\"false\" class=\"elementor-element elementor-element-690f264 e-con-full e-flex e-con e-child\" data-id=\"690f264\" data-element_type=\"container\" data-e-type=\"container\" data-settings=\"{&quot;background_background&quot;:&quot;classic&quot;}\">\n\t\t\t\t<div class=\"elementor-element elementor-element-b3df98a elementor-widget__width-inherit elementor-widget elementor-widget-toggle\" data-id=\"b3df98a\" data-element_type=\"widget\" data-e-type=\"widget\" data-widget_type=\"toggle.default\">\n\t\t\t\t<div class=\"elementor-widget-container\">\n\t\t\t\t\t\t\t<div class=\"elementor-toggle\">\n\t\t\t\t\t\t\t<div class=\"elementor-toggle-item\">\n\t\t\t\t\t<div id=\"elementor-tab-title-1881\" class=\"elementor-tab-title\" data-tab=\"1\" role=\"button\" aria-controls=\"elementor-tab-content-1881\" aria-expanded=\"false\">\n\t\t\t\t\t\t\t\t\t\t\t\t<span class=\"elementor-toggle-icon elementor-toggle-icon-right\" aria-hidden=\"true\">\n\t\t\t\t\t\t\t\t\t\t\t\t\t\t\t<span class=\"elementor-toggle-icon-closed\"><svg class=\"e-font-icon-svg e-fas-plus\" viewBox=\"0 0 448 512\" xmlns=\"http:\/\/www.w3.org\/2000\/svg\"><path d=\"M416 208H272V64c0-17.67-14.33-32-32-32h-32c-17.67 0-32 14.33-32 32v144H32c-17.67 0-32 14.33-32 32v32c0 17.67 14.33 32 32 32h144v144c0 17.67 14.33 32 32 32h32c17.67 0 32-14.33 32-32V304h144c17.67 0 32-14.33 32-32v-32c0-17.67-14.33-32-32-32z\"><\/path><\/svg><\/span>\n\t\t\t\t\t\t\t\t<span class=\"elementor-toggle-icon-opened\"><svg class=\"elementor-toggle-icon-opened e-font-icon-svg e-fas-minus\" viewBox=\"0 0 448 512\" xmlns=\"http:\/\/www.w3.org\/2000\/svg\"><path d=\"M416 208H32c-17.67 0-32 14.33-32 32v32c0 17.67 14.33 32 32 32h384c17.67 0 32-14.33 32-32v-32c0-17.67-14.33-32-32-32z\"><\/path><\/svg><\/span>\n\t\t\t\t\t\t\t\t\t\t\t\t\t<\/span>\n\t\t\t\t\t\t\t\t\t\t\t\t<a class=\"elementor-toggle-title\" tabindex=\"0\">Rainer K\u00fcchenmeister und die Rote Kapelle<\/a>\n\t\t\t\t\t<\/div>\n\n\t\t\t\t\t<div id=\"elementor-tab-content-1881\" class=\"elementor-tab-content elementor-clearfix\" data-tab=\"1\" role=\"region\" aria-labelledby=\"elementor-tab-title-1881\"><p>Es gab bereits Widerstand gegen<br \/>sich nicht dem Nazi-System unterzuordnen,<br \/>wie es viele Deutsche taten.<\/p><p>Eines der interessantesten Schicksale eines jungen Widerst\u00e4ndlers gegen das Naziregime in Friedrichshain ist wohl Rainers Kochlehrer. Bereits in seiner fr\u00fchen Jugend schloss er sich der Widerstandsgruppe &#8222;Rote Kapelle&#8220; an. Er wurde 1942 verhaftet und nach langer Haft im Polizeigef\u00e4ngnis Alexanderplatz in das Jugendkonzentrationslager Moringen verlegt. Nach dem Zweiten Weltkrieg wurde er Maler und nach seinem Durchbruch 1964 auf der documenta III in Kassel wurde er Professor an der Staatlichen Akademie der Bildenden K\u00fcnste in Karlsruhe und 1969 ordentliches Mitglied der Berliner Akademie der K\u00fcnste.<\/p><p>Kindheit und fr\u00fche Adoleszenz<\/p><p>Rainer K\u00fcchenmeister wurde am 14. Oktober 1926 als \u00e4ltestes von drei Kindern in Ahlen\/Westfalen geboren. Sein Vater Walter K\u00fcchenmeister (1897 &#8211; 1943) war seit 1920 Mitglied der KPD, war Redakteur einer Zeitung im Ruhrgebiet und wurde 1926 wegen &#8222;unproletarischen Verhaltens&#8220; aus der Partei ausgeschlossen, weil er aus finanzieller Not heraus Geld aus der Parteikasse gestohlen hatte. Als die Familie nach Berlin ging, konnte sie keine Wohnung finden und musste in ein Obdachlosenheim gehen. Walter K\u00fcchenmeister arbeitet als Schriftsteller und Lektor, und so kam das Geld zusammen, um eine neue Wohnung in Berlin-Johannisthal zu mieten.<\/p><p>Nach dem Reichstagsbrand im Februar 1933 wurde Walter K\u00fcchenmeister als Nazi-Gegner verhaftet und f\u00fcr mehrere Wochen inhaftiert. Die Familie konnte ihre Wohnung nicht mehr halten und zog in ein Zimmer in der Palisadenstra\u00dfe in Friedrichshain. Schlie\u00dflich fand die Familie 1934 eine Unterkunft in einem Mietshaus in der Koppenstra\u00dfe 65. Die Familie war arm, denn die K\u00f6che durften nicht arbeiten und hatten kein Einkommen. Im Jahr 1934 wurde er erneut verhaftet und war bis 1935 im Konzentrationslager Sonnenburg. Infolge seiner Inhaftierung erkrankte er an einer unheilbaren Tuberkulose, die es ihm noch schwerer machte, Arbeit zu finden.<\/p><p>Im Jahr 1936 lernte er Dr. Elfriede Paul kennen, die wie er im Widerstand aktiv war und sich um seine Gesundheit k\u00fcmmerte. Sie k\u00fcmmerte sich um ihn und 1937 zog er mit ihr nach Wilmersdorf in die S\u00e4chsische Stra\u00dfe. Walter K\u00fcchenmeister nahm seine S\u00f6hne Rainer und Claus mit nach Wilmersdorf. Der mittlere Sohn, Anselm, blieb bei seiner Mutter in der Koppenstra\u00dfe, und die beiden anderen Br\u00fcder besuchten ihre Mutter so oft wie m\u00f6glich. 1941 begann Rainer K\u00fcchenmeister eine Ausbildung zum Dekorationsmaler.<\/p><p>Die &#8222;Rote Kapelle<\/p><p>Die Arztpraxis von Elfriede Paul in Wilmersdorf war auch ein wichtiger Treffpunkt f\u00fcr die Widerstandsgruppe &#8222;Rote Kapelle&#8220; um Harro Schulze-Boysen und Arvid Harnack. Bei dieser Gruppe handelte es sich um ein Netzwerk von etwa 150 Regimekritikern, die seit 1933 Widerstand leisteten, indem sie Verfolgten halfen, Flugbl\u00e4tter und Zettel mit regimekritischem Inhalt verteilten, Informationen \u00fcber deutsche Vorbereitungen und Kriegsverbrechen der Wehrmacht und NS-Verbrechen sammelten und weitergaben, auch an ausl\u00e4ndische Vertreter, Kontakt zu anderen Oppositionsgruppen und ausl\u00e4ndischen Zwangsarbeitern aufnahmen, zum Ungehorsam gegen\u00fcber den NS-Vertretern aufriefen und Entw\u00fcrfe f\u00fcr eine m\u00f6gliche Nachkriegsordnung diskutierten. \u00dcbersetzt mit www.DeepL.com\/Translator (kostenlose Version)<\/p><p>Den heute noch f\u00fcr dieses Widerstandsnetzwerk gebr\u00e4uchlichen Namen \u201eRote Kapelle\u201c erhielt es durch eine Fremdzuschreibung durch die Gestapo. Weil Funker im Geheimdienstmilieu \u201ePianisten\u201c genannt wurden, bezeichnete die Gestapo die unbekannten Absender von Funkspr\u00fcchen als \u201eRote Kapelle\u201c. Durch einen sowjetischen Geheimdienstmann wurden Informationen \u00fcber die Gruppe an den Kriegsfeind Sowjetunion gefunkt, weshalb die Gestapo in ihr eine sowjetische Spionageorganisation sah.<\/p><p>Durch Elfriede Paul und seinen Vater kam Rainer K\u00fcchenmeister schon sehr fr\u00fch mit der Gruppe in Kontakt und war beit Treffen dabei, verteilte Flugbl\u00e4tter und schrieb mit seinem Bruder Anselm regimekritische Parolen an H\u00e4userw\u00e4nde.<\/p><p>Am 16. September 1942, im Rahmen einer gro\u00dfen Verhaftungswelle gegen das Netzwerk, wird Rainer K\u00fcchemeister zusammen mit seinem Vater und Elfriede Paul verhaftet und von der Gestapo verh\u00f6rt. Obgleich erst 16 Jahre alt schweigt er auch unter dem Druck, dem ihn die Gestapo aussetzt.<\/p><p><strong>Haft, KZ und Strafbataillon<\/strong><\/p><p>\u201e\u2026Nur leben will ich, leben, leben. \u2026\u201c<\/p><p>Cato Bontjes van Beek in einem Kassiber an Rainer K\u00fcchenmeister<br \/>(Polizeigef\u00e4ngnis Alexanderplatz, Dezember 1942\/Januar 1943)<\/p><p>Erste Station seines nun folgenden Leidensweges ist das Polizeigef\u00e4ngnis Alexanderplatz wo er in einer Einzelzelle inhaftiert ist. In der Zelle genau \u00fcber ihm waren Frauen inhaftiert, die zur Ermutigung viele Lieder sangen. Es gelang ihm, mit ihnen in Kontakt zu kommen. Es waren Frauen aus der \u201eRoten Kapelle\u201c. Ganz besonders entwickelte sich dabei die Freundschaft zu Cato Bontjes van Beek. Sie sprachen miteinander in den N\u00e4chten \u00fcber die Etage hinweg. Die junge Frau machte dem Jungen Mut und sie schrieben sich \u00fcber Kassiber Briefe. Zwischen den beiden entstand eine liebevolle Beziehung der Mitmenschlichkeit, die in ihrer Art einmalig genannt werden kann und die noch heute viele Menschen beeindruckt. Cato forderte den Jungen auf, sich nie aufzugeben und unbedingt seinem Wunsch entsprechend Maler zu werden. Es gelang dem Jungen nie, Cato zu sehen. Eine arrangierte Begegnung im Flur misslang. Ein Spiegel, den der Junge von einem Mitgefangenem erhielt, brachte auch keine L\u00f6sung. Rainer hat seine vielleicht erste gro\u00dfe Liebe nie sehen k\u00f6nnen. Catos Briefe, die sie an den verzweifelten Jungen schrieb, um ihm Mut zu machen. sind besondere Dokumente. Sie selbst wurde zum Tode verurteilt und am 5. August 1943 hingerichtet. Sein Vater Walter K\u00fcchenmeister war bereits am 13. Mai hingerichtet worden.<\/p><p>Rainer kam vom Polizeigef\u00e4ngnis am Alexanderplatz in das ber\u00fcchtigte Jugend-KZ in Moringen. Im M\u00e4rz 1945 wurde er mit einem Strafbataillon an die Front geschickt und geriet in f\u00fcr kurze Zeit in sowjetische Gefangenschaft.<\/p><p><strong>Sein weiterer Lebensweg<\/strong><\/p><p>Mit 18 Jahren kehrte Rainer K\u00fcchenmeister aus dem Krieg zur\u00fcck. Sein Vater war hingerichtet und seine Mutter bei einem Bombenangriff ums Leben gekommen. Er fand Unterschlupf bei Elfriede Paul, die eine Zuchthausstrafe verb\u00fc\u00dft hatte und in Burgdorf bei Hannover wieder als \u00c4rztin arbeitete. Rainer begann ein Studium an einer handwerklichen Kunstschule in Bielefeld. Als Elfriede Paul nach Ostberlin \u00fcbersiedelte, ging er mit und studierte an der Kunsthochschule in Wei\u00dfensee. Da er mit den reglementierten Verh\u00e4ltnissen in der entstehenden DDR nicht zu recht kam und an der Kunsthochschule relegiert worden war, ging er nach Westberlin und malte abstrakte Bilder, die in der DDR ohnehin nicht gefragt waren. Obwohl er sich schon in den 50er Jahren an Ausstellungen beteiligte, erfolgte sein Durchbruch erst 1963 auf der Kunstausstellung dokumenta III und seine Kunst fand zum ersten Mal international insbesondere in Frankreich Beachtung. Er wurde Professor an der Akademie der K\u00fcnste in Karlsruhe und Mitglied der Akademie der K\u00fcnste Berlin. Seine Figuren haben eine Besonderheit, sie tragen keine Gesichter. In wie weit seine Liebe zu der nie gesehenen Cato hier mitbestimmend war? \u2013 Dar\u00fcber kann nur spekuliert werden. Er verbrachte seinen Lebensabend in Frankreich und starb am 6. Mai 2010.<\/p><\/div>\n\t\t\t\t<\/div>\n\t\t\t\t\t\t\t<div class=\"elementor-toggle-item\">\n\t\t\t\t\t<div id=\"elementor-tab-title-1882\" class=\"elementor-tab-title\" data-tab=\"2\" role=\"button\" aria-controls=\"elementor-tab-content-1882\" aria-expanded=\"false\">\n\t\t\t\t\t\t\t\t\t\t\t\t<span class=\"elementor-toggle-icon elementor-toggle-icon-right\" aria-hidden=\"true\">\n\t\t\t\t\t\t\t\t\t\t\t\t\t\t\t<span class=\"elementor-toggle-icon-closed\"><svg class=\"e-font-icon-svg e-fas-plus\" viewBox=\"0 0 448 512\" xmlns=\"http:\/\/www.w3.org\/2000\/svg\"><path d=\"M416 208H272V64c0-17.67-14.33-32-32-32h-32c-17.67 0-32 14.33-32 32v144H32c-17.67 0-32 14.33-32 32v32c0 17.67 14.33 32 32 32h144v144c0 17.67 14.33 32 32 32h32c17.67 0 32-14.33 32-32V304h144c17.67 0 32-14.33 32-32v-32c0-17.67-14.33-32-32-32z\"><\/path><\/svg><\/span>\n\t\t\t\t\t\t\t\t<span class=\"elementor-toggle-icon-opened\"><svg class=\"elementor-toggle-icon-opened e-font-icon-svg e-fas-minus\" viewBox=\"0 0 448 512\" xmlns=\"http:\/\/www.w3.org\/2000\/svg\"><path d=\"M416 208H32c-17.67 0-32 14.33-32 32v32c0 17.67 14.33 32 32 32h384c17.67 0 32-14.33 32-32v-32c0-17.67-14.33-32-32-32z\"><\/path><\/svg><\/span>\n\t\t\t\t\t\t\t\t\t\t\t\t\t<\/span>\n\t\t\t\t\t\t\t\t\t\t\t\t<a class=\"elementor-toggle-title\" tabindex=\"0\">Louise Schroeder<\/a>\n\t\t\t\t\t<\/div>\n\n\t\t\t\t\t<div id=\"elementor-tab-content-1882\" class=\"elementor-tab-content elementor-clearfix\" data-tab=\"2\" role=\"region\" aria-labelledby=\"elementor-tab-title-1882\"><div class=\"su-spoiler-content su-u-clearfix su-u-trim\"><p>\u201cIt was difficult to realize the strength within this quiet, motherly \u2013 appearing woman.\u201d<br \/>(Es war schwierig die St\u00e4rke in dieser ruhigen, m\u00fctterlich wirkenden Frau wahrzunehmen.)<br \/>Lucius D. Clay<\/p><p>Louise Schroeder ist Ende der Vierziger-, Anfang der F\u00fcnfziger Jahre, die bekannteste Frau Deutschlands. Als sie im September 1950 an einer Sitzung des Stra\u00dfburger Europarats teilnimmt und Churchill f\u00fcr die deutsche Delegation ein Fr\u00fchst\u00fcck gibt, sagt er zu dem Delegationschef Pl\u00fcnder: \u201cDie Auswahl der Einzuladenden \u00fcberlasse ich Ihnen \u2013 unter einer Bedingung: Frau Schr\u00f6der mu\u00df meine Tischnachbarin sein.\u201d<\/p><p>Das gro\u00dfe Ansehen Louise Schroeders, r\u00fchrt aus der Zeit, als sie in einer der schwierigsten Phasen der Berliner Stadtgeschichte, als amtierende Oberb\u00fcrgermeisterin f\u00fcr Gro\u00df-Berlin, von Mai 1947 bis Dezember 1948, die Geschicke der Stadt in schwierigen Zeiten mitbestimmt. Gerade die Verbindung ihres sozialpolitischen Engagements mit ihren politischen Zielen eines freiheitlichen Sozialismus verhilft ihr damals zu gr\u00f6\u00dftem Ansehen.<\/p><p>Doch auch die Berliner Arbeiterwohlfahrt ist \u201cihrer Louise\u201d zu gro\u00dfem Dank verpflichtet. Als Landesvorsitzende der Arbeiterwohlfahrt, ab Mai 1946, setzt sie ihr ganzes politisches Gewicht und ihr ganzes diplomatisches Geschick ein, um die Wiederzulassung der im Nationalsozialismus verbotenen Arbeiterwohlfahrt, auch gegen sowjetischen Widerstand, durchzusetzen.<\/p><p>Eine Langfassung des Textes finden Sie\u00a0<a href=\"https:\/\/widerstandsmuseum.de\/wp-content\/uploads\/Louise-Schroeder-net.pdf\" target=\"_blank\" rel=\"noopener noreferrer\">hier<\/a>\u00a0als Download in PDF.<\/p><\/div><p>Wikipedia: <a href=\"https:\/\/de.wikipedia.org\/wiki\/Louise_Schroeder\">https:\/\/de.wikipedia.org\/wiki\/Louise_Schroeder<\/a><\/p><\/div>\n\t\t\t\t<\/div>\n\t\t\t\t\t\t\t<div class=\"elementor-toggle-item\">\n\t\t\t\t\t<div id=\"elementor-tab-title-1883\" class=\"elementor-tab-title\" data-tab=\"3\" role=\"button\" aria-controls=\"elementor-tab-content-1883\" aria-expanded=\"false\">\n\t\t\t\t\t\t\t\t\t\t\t\t<span class=\"elementor-toggle-icon elementor-toggle-icon-right\" aria-hidden=\"true\">\n\t\t\t\t\t\t\t\t\t\t\t\t\t\t\t<span class=\"elementor-toggle-icon-closed\"><svg class=\"e-font-icon-svg e-fas-plus\" viewBox=\"0 0 448 512\" xmlns=\"http:\/\/www.w3.org\/2000\/svg\"><path d=\"M416 208H272V64c0-17.67-14.33-32-32-32h-32c-17.67 0-32 14.33-32 32v144H32c-17.67 0-32 14.33-32 32v32c0 17.67 14.33 32 32 32h144v144c0 17.67 14.33 32 32 32h32c17.67 0 32-14.33 32-32V304h144c17.67 0 32-14.33 32-32v-32c0-17.67-14.33-32-32-32z\"><\/path><\/svg><\/span>\n\t\t\t\t\t\t\t\t<span class=\"elementor-toggle-icon-opened\"><svg class=\"elementor-toggle-icon-opened e-font-icon-svg e-fas-minus\" viewBox=\"0 0 448 512\" xmlns=\"http:\/\/www.w3.org\/2000\/svg\"><path d=\"M416 208H32c-17.67 0-32 14.33-32 32v32c0 17.67 14.33 32 32 32h384c17.67 0 32-14.33 32-32v-32c0-17.67-14.33-32-32-32z\"><\/path><\/svg><\/span>\n\t\t\t\t\t\t\t\t\t\t\t\t\t<\/span>\n\t\t\t\t\t\t\t\t\t\t\t\t<a class=\"elementor-toggle-title\" tabindex=\"0\">Franz Neumann<\/a>\n\t\t\t\t\t<\/div>\n\n\t\t\t\t\t<div id=\"elementor-tab-content-1883\" class=\"elementor-tab-content elementor-clearfix\" data-tab=\"3\" role=\"region\" aria-labelledby=\"elementor-tab-title-1883\"><div class=\"su-spoiler-content su-u-clearfix su-u-trim\"><p><em>Berlin ist immer eine Stadt des Widerstands gewesen.<\/em><\/p><p>Auch wenn Franz Neumann diesen Satz im Zusammenhang mit dem Widerstand gegen das 3. Reich gepr\u00e4gt hat, ist sein Leben insgesamt ein Leben des Widerstands. Ein Leben das gepr\u00e4gt ist vom Widerstand gegen den Nationalsozialismus und vom Widerstand gegen die Vereinigung von SPD und KPD. Auch w\u00e4hrend seiner fast drei\u00dfig Jahre als Vorsitzender im Landesvorstand der AWO setzt er als Querdenker wichtige Impulse.<\/p><p>Den kompletten Text erhalten Sie\u00a0<a href=\"https:\/\/widerstandsmuseum.de\/wp-content\/uploads\/Franz-Neumann-Langtext1.pdf\" target=\"_blank\" rel=\"noopener noreferrer\">hier<\/a>\u00a0als Download in PDF-Format.<\/p><p>Wikipedia: <a href=\"https:\/\/de.wikipedia.org\/wiki\/Franz_Neumann_(Politiker)\">https:\/\/de.wikipedia.org\/wiki\/Franz_Neumann_(Politiker)<\/a><\/p><\/div><\/div>\n\t\t\t\t<\/div>\n\t\t\t\t\t\t\t<div class=\"elementor-toggle-item\">\n\t\t\t\t\t<div id=\"elementor-tab-title-1884\" class=\"elementor-tab-title\" data-tab=\"4\" role=\"button\" aria-controls=\"elementor-tab-content-1884\" aria-expanded=\"false\">\n\t\t\t\t\t\t\t\t\t\t\t\t<span class=\"elementor-toggle-icon elementor-toggle-icon-right\" aria-hidden=\"true\">\n\t\t\t\t\t\t\t\t\t\t\t\t\t\t\t<span class=\"elementor-toggle-icon-closed\"><svg class=\"e-font-icon-svg e-fas-plus\" viewBox=\"0 0 448 512\" xmlns=\"http:\/\/www.w3.org\/2000\/svg\"><path d=\"M416 208H272V64c0-17.67-14.33-32-32-32h-32c-17.67 0-32 14.33-32 32v144H32c-17.67 0-32 14.33-32 32v32c0 17.67 14.33 32 32 32h144v144c0 17.67 14.33 32 32 32h32c17.67 0 32-14.33 32-32V304h144c17.67 0 32-14.33 32-32v-32c0-17.67-14.33-32-32-32z\"><\/path><\/svg><\/span>\n\t\t\t\t\t\t\t\t<span class=\"elementor-toggle-icon-opened\"><svg class=\"elementor-toggle-icon-opened e-font-icon-svg e-fas-minus\" viewBox=\"0 0 448 512\" xmlns=\"http:\/\/www.w3.org\/2000\/svg\"><path d=\"M416 208H32c-17.67 0-32 14.33-32 32v32c0 17.67 14.33 32 32 32h384c17.67 0 32-14.33 32-32v-32c0-17.67-14.33-32-32-32z\"><\/path><\/svg><\/span>\n\t\t\t\t\t\t\t\t\t\t\t\t\t<\/span>\n\t\t\t\t\t\t\t\t\t\t\t\t<a class=\"elementor-toggle-title\" tabindex=\"0\">Marie Juchacz<\/a>\n\t\t\t\t\t<\/div>\n\n\t\t\t\t\t<div id=\"elementor-tab-content-1884\" class=\"elementor-tab-content elementor-clearfix\" data-tab=\"4\" role=\"region\" aria-labelledby=\"elementor-tab-title-1884\"><div class=\"su-spoiler-content su-u-clearfix su-u-trim\"><p style=\"font-weight: 300;\"><i><em><span style=\"font-style: inherit; font-weight: inherit;\">\u201cEine der gro\u00dfen Begabungen von Marie Juchacz war, dass sie verstand, Menschen f\u00fcr die von ihr vertretenen Ideen zu gewinnen, ja sie zu begeistern; sie scheint st\u00e4ndig auf der Suche nach Menschen gewesen zu sein, von denen sie erwarten durfte, dass sie f\u00fcr die fachliche und wohlfahrtspolitische Entwicklung des Verbandes hilfreich sein k\u00f6nnten.\u201d<br \/><\/span><\/em><\/i><span style=\"font-style: inherit; font-weight: inherit;\">Lotte Lemke<\/span><\/p><p style=\"font-weight: 300;\"><strong><span style=\"font-style: inherit; font-weight: inherit;\">Marie Juchacz ist eine der bemerkenswertesten Frauen der sozialdemokratischen Frauenbewegung. Aus einfachen Verh\u00e4ltnissen stammend, entflieht sie nach einer gl\u00fccklosen Ehe mit ihren Kindern und ihrer Schwester Elisabeth der Enge der Provinz und zieht nach Berlin. Dort engagiert sie sich in der sp\u00e4ten Kaiserzeit f\u00fcr die SPD und steigt langsam in der Parteihierarchie auf. Nach dem 1. Weltkrieg wird sie zu einer der pr\u00e4gendsten Politikerinnen der jungen Republik und widmet sich gleichzeitig dem Aufbau der von ihr begr\u00fcndeten \u201cArbeiterwohlfahrt\u201d. Der Nationalsozialismus zwingt sie ins Exil, wo sie erst ihre Kraft f\u00fcr die konkrete Hilfe anderer Fl\u00fcchtlinge und nach Kriegsende f\u00fcr die Hilfe der notleidenden Bev\u00f6lkerung in Deutschland einsetzt.<\/span><\/strong><\/p><p style=\"font-weight: 300;\"><strong><span style=\"font-style: inherit; font-weight: inherit;\">Als erste Frau die jemals in einem deutschen Parlament gesprochen hat und als Gr\u00fcnderin der Arbeiterwohlfahrt z\u00e4hlt sie zu den gro\u00dfen Frauen der deutschen Sozialdemokratie.<\/span><\/strong><\/p><p style=\"font-weight: 300;\"><span style=\"font-style: inherit; font-weight: inherit;\">Eine Langfassung des Textes finden Sie\u00a0<a style=\"font-style: inherit; font-weight: inherit;\" href=\"https:\/\/widerstandsmuseum.de\/wp-content\/uploads\/Marie-Juchacz-net.pdf\">hier als Download in PDF<\/a>.<\/span><\/p><p>Wikipedia: <a href=\"https:\/\/de.wikipedia.org\/wiki\/Marie_Juchacz\">https:\/\/de.wikipedia.org\/wiki\/Marie_Juchacz<\/a><\/p><p>Wikipedia: <a href=\"https:\/\/de.wikipedia.org\/wiki\/Franz_Neumann_(Politiker)\">https:\/\/de.wikipedia.org\/wiki\/Franz_Neumann_(Politiker)<\/a><\/p><\/div><\/div>\n\t\t\t\t<\/div>\n\t\t\t\t\t\t\t\t<\/div>\n\t\t\t\t\t\t<\/div>\n\t\t\t\t<\/div>\n\t\t\t\t<\/div>\n\t\t\t\t<\/div>\n\t\t\t\t<\/div>\n\t\t<div data-particle_enable=\"false\" data-particle-mobile-disabled=\"false\" class=\"elementor-element elementor-element-864d8c2 e-con-full e-flex e-con e-parent\" data-id=\"864d8c2\" data-element_type=\"container\" data-e-type=\"container\">\n\t\t<div data-particle_enable=\"false\" data-particle-mobile-disabled=\"false\" class=\"elementor-element elementor-element-9b0211a e-con-full e-flex e-con e-child\" data-id=\"9b0211a\" data-element_type=\"container\" data-e-type=\"container\">\n\t\t<div data-particle_enable=\"false\" data-particle-mobile-disabled=\"false\" class=\"elementor-element elementor-element-7c27d45 e-con-full e-flex e-con e-child\" data-id=\"7c27d45\" data-element_type=\"container\" data-e-type=\"container\" data-settings=\"{&quot;background_background&quot;:&quot;classic&quot;}\">\n\t\t\t\t<\/div>\n\t\t<div data-particle_enable=\"false\" data-particle-mobile-disabled=\"false\" class=\"elementor-element elementor-element-de87047 e-con-full e-flex e-con e-child\" data-id=\"de87047\" data-element_type=\"container\" data-e-type=\"container\" data-settings=\"{&quot;background_background&quot;:&quot;classic&quot;}\">\n\t\t\t\t<\/div>\n\t\t\t\t<\/div>\n\t\t\t\t<\/div>\n\t\t<div data-particle_enable=\"false\" data-particle-mobile-disabled=\"false\" class=\"elementor-element elementor-element-c5e0278 e-con-full e-flex e-con e-parent\" data-id=\"c5e0278\" data-element_type=\"container\" data-e-type=\"container\">\n\t\t<div data-particle_enable=\"false\" data-particle-mobile-disabled=\"false\" class=\"elementor-element elementor-element-f843b14 e-con-full e-flex e-con e-child\" data-id=\"f843b14\" data-element_type=\"container\" data-e-type=\"container\">\n\t\t<div data-particle_enable=\"false\" data-particle-mobile-disabled=\"false\" class=\"elementor-element elementor-element-c873f1e e-con-full e-flex e-con e-child\" data-id=\"c873f1e\" data-element_type=\"container\" data-e-type=\"container\" data-settings=\"{&quot;background_background&quot;:&quot;classic&quot;}\">\n\t\t\t\t<\/div>\n\t\t<div data-particle_enable=\"false\" data-particle-mobile-disabled=\"false\" class=\"elementor-element elementor-element-a236532 e-con-full e-flex e-con e-child\" data-id=\"a236532\" data-element_type=\"container\" data-e-type=\"container\" data-settings=\"{&quot;background_background&quot;:&quot;classic&quot;}\">\n\t\t\t\t<\/div>\n\t\t\t\t<\/div>\n\t\t\t\t<\/div>\n\t\t<div data-particle_enable=\"false\" data-particle-mobile-disabled=\"false\" class=\"elementor-element elementor-element-dc9b14c e-con-full e-flex e-con e-parent\" data-id=\"dc9b14c\" data-element_type=\"container\" data-e-type=\"container\">\n\t\t<div data-particle_enable=\"false\" data-particle-mobile-disabled=\"false\" class=\"elementor-element elementor-element-3e8f98d e-con-full e-flex e-con e-child\" data-id=\"3e8f98d\" data-element_type=\"container\" data-e-type=\"container\">\n\t\t<div data-particle_enable=\"false\" data-particle-mobile-disabled=\"false\" class=\"elementor-element elementor-element-3fcf7cd e-con-full e-flex e-con e-child\" data-id=\"3fcf7cd\" data-element_type=\"container\" data-e-type=\"container\" data-settings=\"{&quot;background_background&quot;:&quot;classic&quot;}\">\n\t\t\t\t<div class=\"elementor-element elementor-element-5e9d42d elementor-widget elementor-widget-heading\" data-id=\"5e9d42d\" data-element_type=\"widget\" data-e-type=\"widget\" data-widget_type=\"heading.default\">\n\t\t\t\t<div class=\"elementor-widget-container\">\n\t\t\t\t\t<h2 class=\"elementor-heading-title elementor-size-default\">Widerstand\/ Opposition in der DDR<\/h2>\t\t\t\t<\/div>\n\t\t\t\t<\/div>\n\t\t\t\t<div class=\"elementor-element elementor-element-4441e2c elementor-widget elementor-widget-shortcode\" data-id=\"4441e2c\" data-element_type=\"widget\" data-e-type=\"widget\" data-widget_type=\"shortcode.default\">\n\t\t\t\t<div class=\"elementor-widget-container\">\n\t\t\t\t\t\t\t<div class=\"elementor-shortcode\"><div class=\"_df_book df-lite\" id=\"df_511\"  _slug=\"widerstand-opposition-in-der-ddr\" data-title=\"widerstand-opposition-in-der-ddr\" wpoptions=\"true\" thumb=\"https:\/\/widerstandsmuseum.org\/wp-content\/uploads\/2023\/11\/cropped-logo-2.png\" thumbtype=\"\" ><\/div><script class=\"df-shortcode-script\" nowprocket type=\"application\/javascript\">window.option_df_511 = {\"outline\":[],\"autoEnableOutline\":\"false\",\"autoEnableThumbnail\":\"false\",\"overwritePDFOutline\":\"false\",\"direction\":\"1\",\"pageSize\":\"0\",\"source\":\"https:\\\/\\\/widerstandsmuseum.org\\\/wp-content\\\/uploads\\\/2023\\\/11\\\/Schiftenreihe1.pdf\",\"wpOptions\":\"true\"}; if(window.DFLIP && window.DFLIP.parseBooks){window.DFLIP.parseBooks();}<\/script>\n<\/div>\n\t\t\t\t\t\t<\/div>\n\t\t\t\t<\/div>\n\t\t\t\t<\/div>\n\t\t\t\t<\/div>\n\t\t\t\t<\/div>\n\t\t<div data-particle_enable=\"false\" data-particle-mobile-disabled=\"false\" class=\"elementor-element elementor-element-0415d93 e-con-full e-flex e-con e-parent\" data-id=\"0415d93\" data-element_type=\"container\" data-e-type=\"container\">\n\t\t<div data-particle_enable=\"false\" data-particle-mobile-disabled=\"false\" class=\"elementor-element elementor-element-42b9d34 e-con-full e-flex e-con e-child\" data-id=\"42b9d34\" data-element_type=\"container\" data-e-type=\"container\">\n\t\t<div data-particle_enable=\"false\" data-particle-mobile-disabled=\"false\" class=\"elementor-element elementor-element-0c1f8e9 e-con-full e-flex e-con e-child\" data-id=\"0c1f8e9\" data-element_type=\"container\" data-e-type=\"container\" data-settings=\"{&quot;background_background&quot;:&quot;classic&quot;}\">\n\t\t\t\t<\/div>\n\t\t<div data-particle_enable=\"false\" data-particle-mobile-disabled=\"false\" class=\"elementor-element elementor-element-b36da5f e-con-full e-flex e-con e-child\" data-id=\"b36da5f\" data-element_type=\"container\" data-e-type=\"container\" data-settings=\"{&quot;background_background&quot;:&quot;classic&quot;}\">\n\t\t\t\t<\/div>\n\t\t\t\t<\/div>\n\t\t\t\t<\/div>\n\t\t<div data-particle_enable=\"false\" data-particle-mobile-disabled=\"false\" class=\"elementor-element elementor-element-f8dadd7 e-con-full e-flex e-con e-parent\" data-id=\"f8dadd7\" data-element_type=\"container\" data-e-type=\"container\">\n\t\t<div data-particle_enable=\"false\" data-particle-mobile-disabled=\"false\" class=\"elementor-element elementor-element-68d8b54 e-con-full e-flex e-con e-child\" data-id=\"68d8b54\" data-element_type=\"container\" data-e-type=\"container\">\n\t\t<div data-particle_enable=\"false\" data-particle-mobile-disabled=\"false\" class=\"elementor-element elementor-element-02230b2 e-con-full e-flex e-con e-child\" data-id=\"02230b2\" data-element_type=\"container\" data-e-type=\"container\" data-settings=\"{&quot;background_background&quot;:&quot;classic&quot;}\">\n\t\t\t\t<\/div>\n\t\t<div data-particle_enable=\"false\" data-particle-mobile-disabled=\"false\" class=\"elementor-element elementor-element-5553807 e-con-full e-flex e-con e-child\" data-id=\"5553807\" data-element_type=\"container\" data-e-type=\"container\" data-settings=\"{&quot;background_background&quot;:&quot;classic&quot;}\">\n\t\t\t\t<\/div>\n\t\t\t\t<\/div>\n\t\t\t\t<\/div>\n\t\t<div data-particle_enable=\"false\" data-particle-mobile-disabled=\"false\" class=\"elementor-element elementor-element-9ff342f e-con-full e-flex e-con e-parent\" data-id=\"9ff342f\" data-element_type=\"container\" data-e-type=\"container\">\n\t\t<div data-particle_enable=\"false\" data-particle-mobile-disabled=\"false\" class=\"elementor-element elementor-element-40d16dc e-con-full e-flex e-con e-child\" data-id=\"40d16dc\" data-element_type=\"container\" data-e-type=\"container\">\n\t\t<div data-particle_enable=\"false\" data-particle-mobile-disabled=\"false\" class=\"elementor-element elementor-element-cb32822 e-con-full e-flex e-con e-child\" data-id=\"cb32822\" data-element_type=\"container\" data-e-type=\"container\" data-settings=\"{&quot;background_background&quot;:&quot;classic&quot;}\">\n\t\t\t\t<div class=\"elementor-element elementor-element-66fa9c8 elementor-widget elementor-widget-heading\" data-id=\"66fa9c8\" data-element_type=\"widget\" data-e-type=\"widget\" data-widget_type=\"heading.default\">\n\t\t\t\t<div class=\"elementor-widget-container\">\n\t\t\t\t\t<h2 class=\"elementor-heading-title elementor-size-default\">Die Galil\u00e4akirche und Friedrichshain als lokaler  Bezugsrahmen zum DDR-Widerstand\n<\/h2>\t\t\t\t<\/div>\n\t\t\t\t<\/div>\n\t\t\t\t<div class=\"elementor-element elementor-element-6abfe67 elementor-widget elementor-widget-shortcode\" data-id=\"6abfe67\" data-element_type=\"widget\" data-e-type=\"widget\" data-widget_type=\"shortcode.default\">\n\t\t\t\t<div class=\"elementor-widget-container\">\n\t\t\t\t\t\t\t<div class=\"elementor-shortcode\"><div class=\"_df_book df-lite\" id=\"df_515\"  _slug=\"die-galilaeakirche-und-friedrichshain-als-lokaler-bezugsrahmen-zum-ddr-widerstand\" data-title=\"die-galilaeakirche-und-friedrichshain-als-lokaler-bezugsrahmen-zum-ddr-widerstand\" wpoptions=\"true\" thumbtype=\"\" ><\/div><script class=\"df-shortcode-script\" nowprocket type=\"application\/javascript\">window.option_df_515 = {\"outline\":[],\"autoEnableOutline\":\"false\",\"autoEnableThumbnail\":\"false\",\"overwritePDFOutline\":\"false\",\"direction\":\"1\",\"pageSize\":\"0\",\"source\":\"https:\\\/\\\/widerstandsmuseum.org\\\/wp-content\\\/uploads\\\/2023\\\/11\\\/Schriftenreihe2.pdf\",\"wpOptions\":\"true\"}; if(window.DFLIP && window.DFLIP.parseBooks){window.DFLIP.parseBooks();}<\/script>\n<\/div>\n\t\t\t\t\t\t<\/div>\n\t\t\t\t<\/div>\n\t\t\t\t<\/div>\n\t\t\t\t<\/div>\n\t\t\t\t<\/div>\n\t\t<div data-particle_enable=\"false\" data-particle-mobile-disabled=\"false\" class=\"elementor-element elementor-element-cf2898b e-con-full e-flex e-con e-parent\" data-id=\"cf2898b\" data-element_type=\"container\" data-e-type=\"container\">\n\t\t<div data-particle_enable=\"false\" data-particle-mobile-disabled=\"false\" class=\"elementor-element elementor-element-6cc7c92 e-con-full e-flex e-con e-child\" data-id=\"6cc7c92\" data-element_type=\"container\" data-e-type=\"container\">\n\t\t<div data-particle_enable=\"false\" data-particle-mobile-disabled=\"false\" class=\"elementor-element elementor-element-bf513a3 e-con-full e-flex e-con e-child\" data-id=\"bf513a3\" data-element_type=\"container\" data-e-type=\"container\" data-settings=\"{&quot;background_background&quot;:&quot;classic&quot;}\">\n\t\t\t\t<\/div>\n\t\t<div data-particle_enable=\"false\" data-particle-mobile-disabled=\"false\" class=\"elementor-element elementor-element-8e4b3cb e-con-full e-flex e-con e-child\" data-id=\"8e4b3cb\" data-element_type=\"container\" data-e-type=\"container\" data-settings=\"{&quot;background_background&quot;:&quot;classic&quot;}\">\n\t\t\t\t<\/div>\n\t\t\t\t<\/div>\n\t\t\t\t<\/div>\n\t\t\t\t<\/div>\n\t\t","protected":false},"excerpt":{"rendered":"<p>Geschichtswerkstatt Hier finden Sie Schriften zum Widerstand in der DDR und biografische Beitr\u00e4ge \u00fcber historische Pers\u00f6nlichkeiten aus der Arbeitbewegung. WARTET NICHT AUF BESS\u00b4RE ZEITEN! &#8222;HER KEUNER SAGT NEIN&#8220; Ernst Fraenkel (1898-1975) 26.12.1898 Geburt als Sohn wohlhabender j\u00fcdischer Eltern in K\u00f6ln 1916-1918 Soldat 1919-1921 Studium der Rechtswissenschaft und Geschichte inFrankfurt\/Main 1923 Promotion bei Hugo Sinzheimer 1925 [&hellip;]<\/p>\n","protected":false},"author":1,"featured_media":0,"parent":0,"menu_order":0,"comment_status":"closed","ping_status":"closed","template":"","meta":{"om_disable_all_campaigns":false,"footnotes":""},"class_list":["post-504","page","type-page","status-publish","hentry"],"yoast_head":"<!-- This site is optimized with the Yoast SEO Premium plugin v23.7 (Yoast SEO v27.4) - https:\/\/yoast.com\/product\/yoast-seo-premium-wordpress\/ -->\n<title>Geschichtswerkstatt - Widerstands Museum<\/title>\n<meta name=\"robots\" content=\"index, follow, max-snippet:-1, max-image-preview:large, max-video-preview:-1\" \/>\n<link rel=\"canonical\" href=\"https:\/\/widerstandsmuseum.org\/index.php\/geschichtswerkstatt\/\" \/>\n<meta property=\"og:locale\" content=\"de_DE\" \/>\n<meta property=\"og:type\" content=\"article\" \/>\n<meta property=\"og:title\" content=\"Geschichtswerkstatt\" \/>\n<meta property=\"og:description\" content=\"Geschichtswerkstatt Hier finden Sie Schriften zum Widerstand in der DDR und biografische Beitr\u00e4ge \u00fcber historische Pers\u00f6nlichkeiten aus der Arbeitbewegung. WARTET NICHT AUF BESS\u00b4RE ZEITEN! &#8222;HER KEUNER SAGT NEIN&#8220; Ernst Fraenkel (1898-1975) 26.12.1898 Geburt als Sohn wohlhabender j\u00fcdischer Eltern in K\u00f6ln 1916-1918 Soldat 1919-1921 Studium der Rechtswissenschaft und Geschichte inFrankfurt\/Main 1923 Promotion bei Hugo Sinzheimer 1925 [&hellip;]\" \/>\n<meta property=\"og:url\" content=\"https:\/\/widerstandsmuseum.org\/index.php\/geschichtswerkstatt\/\" \/>\n<meta property=\"og:site_name\" content=\"Widerstands Museum\" \/>\n<meta property=\"article:modified_time\" content=\"2023-11-15T13:08:56+00:00\" \/>\n<meta name=\"twitter:card\" content=\"summary_large_image\" \/>\n<meta name=\"twitter:label1\" content=\"Gesch\u00e4tzte Lesezeit\" \/>\n\t<meta name=\"twitter:data1\" content=\"21\u00a0Minuten\" \/>\n<script type=\"application\/ld+json\" class=\"yoast-schema-graph\">{\"@context\":\"https:\\\/\\\/schema.org\",\"@graph\":[{\"@type\":\"WebPage\",\"@id\":\"https:\\\/\\\/widerstandsmuseum.org\\\/index.php\\\/geschichtswerkstatt\\\/\",\"url\":\"https:\\\/\\\/widerstandsmuseum.org\\\/index.php\\\/geschichtswerkstatt\\\/\",\"name\":\"Geschichtswerkstatt - Widerstands Museum\",\"isPartOf\":{\"@id\":\"https:\\\/\\\/widerstandsmuseum.org\\\/#website\"},\"datePublished\":\"2023-11-15T10:20:27+00:00\",\"dateModified\":\"2023-11-15T13:08:56+00:00\",\"breadcrumb\":{\"@id\":\"https:\\\/\\\/widerstandsmuseum.org\\\/index.php\\\/geschichtswerkstatt\\\/#breadcrumb\"},\"inLanguage\":\"de\",\"potentialAction\":[{\"@type\":\"ReadAction\",\"target\":[\"https:\\\/\\\/widerstandsmuseum.org\\\/index.php\\\/geschichtswerkstatt\\\/\"]}]},{\"@type\":\"BreadcrumbList\",\"@id\":\"https:\\\/\\\/widerstandsmuseum.org\\\/index.php\\\/geschichtswerkstatt\\\/#breadcrumb\",\"itemListElement\":[{\"@type\":\"ListItem\",\"position\":1,\"name\":\"Home\",\"item\":\"https:\\\/\\\/widerstandsmuseum.org\\\/\"},{\"@type\":\"ListItem\",\"position\":2,\"name\":\"Geschichtswerkstatt\"}]},{\"@type\":\"WebSite\",\"@id\":\"https:\\\/\\\/widerstandsmuseum.org\\\/#website\",\"url\":\"https:\\\/\\\/widerstandsmuseum.org\\\/\",\"name\":\"Widerstands Museum\",\"description\":\"\",\"publisher\":{\"@id\":\"https:\\\/\\\/widerstandsmuseum.org\\\/#organization\"},\"potentialAction\":[{\"@type\":\"SearchAction\",\"target\":{\"@type\":\"EntryPoint\",\"urlTemplate\":\"https:\\\/\\\/widerstandsmuseum.org\\\/?s={search_term_string}\"},\"query-input\":{\"@type\":\"PropertyValueSpecification\",\"valueRequired\":true,\"valueName\":\"search_term_string\"}}],\"inLanguage\":\"de\"},{\"@type\":\"Organization\",\"@id\":\"https:\\\/\\\/widerstandsmuseum.org\\\/#organization\",\"name\":\"Widerstands Museum\",\"url\":\"https:\\\/\\\/widerstandsmuseum.org\\\/\",\"logo\":{\"@type\":\"ImageObject\",\"inLanguage\":\"de\",\"@id\":\"https:\\\/\\\/widerstandsmuseum.org\\\/#\\\/schema\\\/logo\\\/image\\\/\",\"url\":\"https:\\\/\\\/widerstandsmuseum.org\\\/wp-content\\\/uploads\\\/2023\\\/11\\\/logo-negro.png\",\"contentUrl\":\"https:\\\/\\\/widerstandsmuseum.org\\\/wp-content\\\/uploads\\\/2023\\\/11\\\/logo-negro.png\",\"width\":4317,\"height\":2010,\"caption\":\"Widerstands Museum\"},\"image\":{\"@id\":\"https:\\\/\\\/widerstandsmuseum.org\\\/#\\\/schema\\\/logo\\\/image\\\/\"}}]}<\/script>\n<!-- \/ Yoast SEO Premium plugin. -->","yoast_head_json":{"title":"Geschichtswerkstatt - Widerstands Museum","robots":{"index":"index","follow":"follow","max-snippet":"max-snippet:-1","max-image-preview":"max-image-preview:large","max-video-preview":"max-video-preview:-1"},"canonical":"https:\/\/widerstandsmuseum.org\/index.php\/geschichtswerkstatt\/","og_locale":"de_DE","og_type":"article","og_title":"Geschichtswerkstatt","og_description":"Geschichtswerkstatt Hier finden Sie Schriften zum Widerstand in der DDR und biografische Beitr\u00e4ge \u00fcber historische Pers\u00f6nlichkeiten aus der Arbeitbewegung. WARTET NICHT AUF BESS\u00b4RE ZEITEN! &#8222;HER KEUNER SAGT NEIN&#8220; Ernst Fraenkel (1898-1975) 26.12.1898 Geburt als Sohn wohlhabender j\u00fcdischer Eltern in K\u00f6ln 1916-1918 Soldat 1919-1921 Studium der Rechtswissenschaft und Geschichte inFrankfurt\/Main 1923 Promotion bei Hugo Sinzheimer 1925 [&hellip;]","og_url":"https:\/\/widerstandsmuseum.org\/index.php\/geschichtswerkstatt\/","og_site_name":"Widerstands Museum","article_modified_time":"2023-11-15T13:08:56+00:00","twitter_card":"summary_large_image","twitter_misc":{"Gesch\u00e4tzte Lesezeit":"21\u00a0Minuten"},"schema":{"@context":"https:\/\/schema.org","@graph":[{"@type":"WebPage","@id":"https:\/\/widerstandsmuseum.org\/index.php\/geschichtswerkstatt\/","url":"https:\/\/widerstandsmuseum.org\/index.php\/geschichtswerkstatt\/","name":"Geschichtswerkstatt - Widerstands Museum","isPartOf":{"@id":"https:\/\/widerstandsmuseum.org\/#website"},"datePublished":"2023-11-15T10:20:27+00:00","dateModified":"2023-11-15T13:08:56+00:00","breadcrumb":{"@id":"https:\/\/widerstandsmuseum.org\/index.php\/geschichtswerkstatt\/#breadcrumb"},"inLanguage":"de","potentialAction":[{"@type":"ReadAction","target":["https:\/\/widerstandsmuseum.org\/index.php\/geschichtswerkstatt\/"]}]},{"@type":"BreadcrumbList","@id":"https:\/\/widerstandsmuseum.org\/index.php\/geschichtswerkstatt\/#breadcrumb","itemListElement":[{"@type":"ListItem","position":1,"name":"Home","item":"https:\/\/widerstandsmuseum.org\/"},{"@type":"ListItem","position":2,"name":"Geschichtswerkstatt"}]},{"@type":"WebSite","@id":"https:\/\/widerstandsmuseum.org\/#website","url":"https:\/\/widerstandsmuseum.org\/","name":"Widerstands Museum","description":"","publisher":{"@id":"https:\/\/widerstandsmuseum.org\/#organization"},"potentialAction":[{"@type":"SearchAction","target":{"@type":"EntryPoint","urlTemplate":"https:\/\/widerstandsmuseum.org\/?s={search_term_string}"},"query-input":{"@type":"PropertyValueSpecification","valueRequired":true,"valueName":"search_term_string"}}],"inLanguage":"de"},{"@type":"Organization","@id":"https:\/\/widerstandsmuseum.org\/#organization","name":"Widerstands Museum","url":"https:\/\/widerstandsmuseum.org\/","logo":{"@type":"ImageObject","inLanguage":"de","@id":"https:\/\/widerstandsmuseum.org\/#\/schema\/logo\/image\/","url":"https:\/\/widerstandsmuseum.org\/wp-content\/uploads\/2023\/11\/logo-negro.png","contentUrl":"https:\/\/widerstandsmuseum.org\/wp-content\/uploads\/2023\/11\/logo-negro.png","width":4317,"height":2010,"caption":"Widerstands Museum"},"image":{"@id":"https:\/\/widerstandsmuseum.org\/#\/schema\/logo\/image\/"}}]}},"_links":{"self":[{"href":"https:\/\/widerstandsmuseum.org\/index.php\/wp-json\/wp\/v2\/pages\/504","targetHints":{"allow":["GET"]}}],"collection":[{"href":"https:\/\/widerstandsmuseum.org\/index.php\/wp-json\/wp\/v2\/pages"}],"about":[{"href":"https:\/\/widerstandsmuseum.org\/index.php\/wp-json\/wp\/v2\/types\/page"}],"author":[{"embeddable":true,"href":"https:\/\/widerstandsmuseum.org\/index.php\/wp-json\/wp\/v2\/users\/1"}],"replies":[{"embeddable":true,"href":"https:\/\/widerstandsmuseum.org\/index.php\/wp-json\/wp\/v2\/comments?post=504"}],"version-history":[{"count":19,"href":"https:\/\/widerstandsmuseum.org\/index.php\/wp-json\/wp\/v2\/pages\/504\/revisions"}],"predecessor-version":[{"id":599,"href":"https:\/\/widerstandsmuseum.org\/index.php\/wp-json\/wp\/v2\/pages\/504\/revisions\/599"}],"wp:attachment":[{"href":"https:\/\/widerstandsmuseum.org\/index.php\/wp-json\/wp\/v2\/media?parent=504"}],"curies":[{"name":"wp","href":"https:\/\/api.w.org\/{rel}","templated":true}]}}